{"id":765,"date":"2025-01-09T21:25:27","date_gmt":"2025-01-09T20:25:27","guid":{"rendered":"https:\/\/www.lagerbedor.eu\/WP\/?page_id=765"},"modified":"2025-01-16T17:17:59","modified_gmt":"2025-01-16T16:17:59","slug":"la-presse-parle-de-la-gerbe-dor-2024","status":"publish","type":"page","link":"https:\/\/www.lagerbedor.eu\/WP\/la-presse-parle-de-la-gerbe-dor-2024\/","title":{"rendered":"La presse parle de la Gerbe d&rsquo;Or 2024"},"content":{"rendered":"\n<div class=\"wp-block-group alignwide is-layout-flow wp-block-group-is-layout-flow\">\n<p class=\"has-x-large-font-size\" style=\"font-style:normal;font-weight:500\"><strong>Ce week-end de Pentec\u00f4te a \u00e9t\u00e9 bien charg\u00e9 en \u00e9motions pour la Gerbe d\u2019or.<\/strong><\/p>\n\n\n\n<p class=\"has-small-font-size\"><a href=\"https:\/\/www.lepetitjournal.net\/31-haute-garonne\/e31t-pays-tolosan\/2024\/05\/21\/les-majorettes-de-la-gerbe-dor-au-championnat-national\/\" target=\"_blank\" rel=\"noreferrer noopener\">Article complet sur lepetitjournal.net<\/a> Publi\u00e9 le&nbsp;21 MAI 2024<\/p>\n\n\n\n<p>D\u00e8s la journ\u00e9e de samedi, un grand nombre de groupes de majorettes \u00e9tait venu de plusieurs r\u00e9gions de France pour concourir au championnat national organis\u00e9 par l\u2019AMF (Association des majorettes fran\u00e7aises). Pr\u00e8s de 200 jeunes filles ont particip\u00e9 \u00e0 la comp\u00e9tition, soit en b\u00e2ton, soit en pompon, soit en canne, en solo, duo ou groupe. Cette ann\u00e9e, le championnat avait lieu \u00e0 Albi, et la Musique de la Gerbe d\u2019or avait \u00e9t\u00e9 sollicit\u00e9e pour jouer lors de la c\u00e9r\u00e9monie d\u2019ouverture.<\/p>\n\n\n\n<p>D\u00e8s la journ\u00e9e de samedi, un grand nombre de groupes de majorettes \u00e9tait venu de plusieurs r\u00e9gions de France pour concourir au championnat national organis\u00e9 par l\u2019AMF (Association des majorettes fran\u00e7aises). Pr\u00e8s de 200 jeunes filles ont particip\u00e9 \u00e0 la comp\u00e9tition, soit en b\u00e2ton, soit en pompon, soit en canne, en solo, duo ou groupe. Cette ann\u00e9e, le championnat avait lieu \u00e0 Albi, et la Musique de la Gerbe d\u2019or avait \u00e9t\u00e9 sollicit\u00e9e pour jouer lors de la c\u00e9r\u00e9monie d\u2019ouverture.<br>Sur la magnifique place de l\u2019imposante cath\u00e9drale Sainte C\u00e9cile, sous un beau soleil et avec un large public, la parade a amen\u00e9 toutes les majorettes qui ont pris rang cr\u00e9ant un beau m\u00e9lange de couleurs. La comp\u00e9tition a d\u00e9but\u00e9 par les marches parade puis s\u2019est d\u00e9roul\u00e9e dans le gymnase jusqu\u2019 au dimanche en soir\u00e9e. Beaucoup d\u2019enthousiasme, de fatigue aussi pour toutes les organisatrices, les familles qui ont accompagn\u00e9 leur enfant, les participantes elles-m\u00eames, sous pression depuis plusieurs semaines! Il y avait L\u00e9a, Marie, Laura, Sonia en solo b\u00e2ton, Melvina et Eva en solo pompon, Lizea et Melvina en duo b\u00e2ton senior, Maely et Me\u00efly en duo b\u00e2ton junior, Olivia et L\u00e9a en duo pompon senior qui malgr\u00e9 de belles prestations n\u2019ont pas r\u00e9ussi \u00e0 se qualifier; quant \u00e0 L\u00e9ana et Juliette en duo pompon junior cat\u00e9gorie majorette traditionnelle , elles ont obtenu la m\u00e9daille d\u2019or et la premi\u00e8re place sur le podium ! Bravo \u00e0 toutes pour leur travail, leur engagement, ce n\u2019est pas facile \u00e0 cet \u00e2ge l\u00e0 de se retrouver seule ou m\u00eame \u00e0 deux dans un gymnase rempli de public, devant un jury exigeant, les mains tremblent, le c\u0153ur bat \u00e0 100 \u00e0 l\u2019heure, et tout ce qui \u00e9tait si facile lors des r\u00e9p\u00e9titions devient soudain bien compliqu\u00e9 !! Ce sera une belle exp\u00e9rience et un beau souvenir pour toutes les personnes qui ont pris part \u00e0 cette belle aventure !<\/p>\n<\/div>\n\n\n\n<div class=\"wp-block-group alignwide is-layout-flow wp-block-group-is-layout-flow\">\n<p class=\"has-x-large-font-size\" style=\"font-style:normal;font-weight:500\">Excellent anniversaire \u00e0 la Gerbe d\u2019Or<\/p>\n\n\n\n<p class=\"has-small-font-size\"><strong><a href=\"https:\/\/www.ladepeche.fr\/2024\/05\/17\/excellent-anniversaire-a-la-gerbe-dor-11956244.php\" target=\"_blank\" rel=\"noreferrer noopener\">Article complet sur ladepeche.fr<\/a><\/strong> Publi\u00e9 le&nbsp;17\/05\/2024 \u00e0 05:12 <\/p>\n\n\n\n<p>La Gerbe d\u2019or annonce qu\u2019elle f\u00eatera le samedi 8 juin, ses 90 ans, \u00e0 St Loup Cammas avec un grand festival \u00ab\u00a0Les moissons musicales\u00a0\u00bb. Ainsi, de 9 heures \u00e0 midi, ce sera le travail technique des masterclass avec un enseignement de haut niveau, transmis par des professeurs des conservatoires de Toulouse, Carcassonne, Bordeaux et des solistes de la musique des parachutistes ou de l\u2019orchestre national du Capitole pour clarinette, euphonium, saxophone, trombone, trompette et tuba. Puis de 14 heures \u00e0 18 h 30, se produiront diff\u00e9rents groupes de musiques, de majorettes ainsi que la restitution du travail des \u00e9l\u00e8ves des masterclass. Ensuite, \u00e0 18 h 30, ce sera la c\u00e9r\u00e9monie officielle, avec pr\u00e9sentation par la confr\u00e9rie de la tarte g\u00e9ante \u00ab\u00a0\u00d4 fraises\u00a0\u00bb de Lapeyrouse-Fossat du g\u00e2teau anniversaire, suivie de l\u2019ap\u00e9ritif et du repas.<\/p>\n<\/div>\n\n\n\n<div class=\"wp-block-group alignwide is-layout-flow wp-block-group-is-layout-flow\">\n<p class=\"has-x-large-font-size\" style=\"font-style:normal;font-weight:500\"><strong><strong>Le samedi 8 juin, la Gerbe d\u2019Or f\u00eatera ses 90 ans \u00e0 St Loup Cammas avec un grand festival \u00abLes moissons musicales\u00bb dont voici le programme de la journ\u00e9e :<\/strong><\/strong><\/p>\n\n\n\n<p class=\"has-small-font-size\"><a href=\"https:\/\/www.lepetitjournal.net\/31-haute-garonne\/e31t-pays-tolosan\/2024\/05\/21\/les-majorettes-de-la-gerbe-dor-au-championnat-national\/\" target=\"_blank\" rel=\"noreferrer noopener\"><a href=\"https:\/\/www.ladepeche.fr\/2024\/03\/15\/carnaval-en-musique-en-couleurs-et-en-confettis-11827205.php\" target=\"_blank\" rel=\"noreferrer noopener\"><a href=\"https:\/\/www.lepetitjournal.net\/31-haute-garonne\/e31t-pays-tolosan\/2024\/05\/14\/un-grand-festival-les-moissons-musicales-pour-les-90-ans-de-la-gerbe-dor\/\" target=\"_blank\" rel=\"noreferrer noopener\">Article complet sur lepetitjournal.net<\/a><\/a><\/a> Publi\u00e9 le\u00a014 MAI 2024<\/p>\n\n\n\n<p>De 9h \u00e0 12h, auront lieu des masterclass d\u2019un enseignement de haut niveau, transmis par des professeurs des conservatoires de Toulouse, Carcassonne et Bordeaux et des solistes de la musique des parachutistes ou de l\u2019orchestre national du Capitole ( clarinette, euphonium, saxophone, trombone, trompette, tuba).<\/p>\n\n\n\n<p>De 14h \u00e0 18h30 se produiront diff\u00e9rents groupes de musiques, de majorettes ainsi que les \u00e9l\u00e8ves des masterclass.<\/p>\n\n\n\n<p>A 18 h30, ce sera la c\u00e9r\u00e9monie officielle, avec pr\u00e9sentation par la confr\u00e9rie de la tarte g\u00e9ante \u00ab \u00d4 fraises \u00bb de Lapeyrouse-Fossat du g\u00e2teau anniversaire (90 ans de la Gerbe d\u2019Or), suivie de l\u2019ap\u00e9ritif et du repas.<\/p>\n\n\n\n<p>A 20h00, apr\u00e8s cette pause, les moments musicaux reprendront et le festival se terminera par une soir\u00e9e festive dansante avec le groupe \u00ab le Panda\u2019s cover gang \u00bb.<\/p>\n\n\n\n<p>Une fois de plus cet anniversaire sera une manifestation d\u2019une grande envergure avec un programme vari\u00e9, m\u00ealant moments musicaux, concerts et chor\u00e9graphies, repr\u00e9sentatifs du dynamisme et des initiatives dont la Gerbe d\u2019Or a fait preuve au fil des ans. Tout ceci apportera une intonation exceptionnelle et m\u00e9morable pour les participants et les spectateurs sans oublier que cela sera \u00e9galement l\u2019occasion de retrouvailles.<\/p>\n<\/div>\n\n\n\n<div class=\"wp-block-group alignwide is-layout-flow wp-block-group-is-layout-flow\">\n<p class=\"has-x-large-font-size\" style=\"font-style:normal;font-weight:500\">Assembl\u00e9e g\u00e9n\u00e9rale de la Gerbe d\u2019or: f\u00eater les 90 ans!<\/p>\n\n\n\n<p class=\"has-small-font-size\"><strong><a href=\"https:\/\/www.ladepeche.fr\/2024\/04\/17\/assemblee-generale-de-la-gerbe-dor-feter-les-90-ans-11895664.php\" target=\"_blank\" rel=\"noreferrer noopener\">Article complet sur ladepeche.fr<\/a><\/strong> Publi\u00e9 le&nbsp;17\/04\/2024 \u00e0 05:102 <\/p>\n\n\n\n<p>La semaine derni\u00e8re, s\u2019est tenue l\u2019assembl\u00e9e g\u00e9n\u00e9rale annuelle de la Gerbe d\u2019or en pr\u00e9sence de M. Marin, maire de St Loup Cammas et pr\u00e9sident d\u2019honneur de l\u2019association. Apr\u00e8s approbation des bilans administratif et financier par l\u2019assembl\u00e9e, le pr\u00e9sident Patrice Rouzeau a \u00e9voqu\u00e9 le grand succ\u00e8s de la Com\u00e9die musicale \u00ab\u00a0Les liens du son \u00ab\u00a0produite sur 3 communes de la CCCB \u00e0 guichets ferm\u00e9s. Puis le chef de musique, Johan Lava, a signal\u00e9 le travail accompli par les musiciens pour r\u00e9ussir ce challenge. \u00c0 son tour, C\u00e9line Itier, vice-pr\u00e9sidente et directrice du groupe des majorettes, s\u2019est f\u00e9licit\u00e9e de l\u2019enrichissement de l\u2019effectif avec l\u2019arriv\u00e9e d\u2019une dizaine de fillettes, ce qui porte \u00e0 32 leur nombre actuel. Avec des stages, le doublement des r\u00e9p\u00e9titions, c\u2019est avec enthousiasme que se pr\u00e9pare la nouvelle saison, notamment avec la participation au championnat national qui se tiendra \u00e0 Albi pour le week-end de Pentec\u00f4te.<\/p>\n\n\n\n<p>Ensuite, le conseil d\u2019administration a \u00e9t\u00e9 r\u00e9\u00e9lu par l\u2019assembl\u00e9e, ainsi que les 9 membres du bureau, pr\u00e9sid\u00e9 par Patrice Rouzeau. Puis, le pr\u00e9sident a \u00e9voqu\u00e9 le grand festival pr\u00e9vu le samedi 8 juin \u00e0 St Loup pour f\u00eater les 90 ans de la Gerbe d\u2019or. D\u00e8s le matin se tiendront des Masterclass avec des professeurs des conservatoires de Toulouse, Carcassonne, Bordeaux et des solistes de la musique des parachutistes ou de l\u2019orchestre national du Capitole\u2026 pour clarinette, euphonium, saxophone, trombone, trompette, tuba. Puis le long de l\u2019apr\u00e8s-midi, venus de toute l\u2019Occitanie, se succ\u00e9deront formations musicales et groupes de majorettes, pour finir par une soir\u00e9e festive anim\u00e9e par le<\/p>\n\n\n\n<p>\u00ab\u00a0Panda\u2019s Cover Gang\u00a0\u00bb. Apr\u00e8s les f\u00e9licitations et les encouragements de Mr Marin, maire, pour l\u2019implication de tous et la r\u00e9ussite des projets, a \u00e9t\u00e9 servi le verre de l\u2019amiti\u00e9 et un repas style \u00ab\u00a0auberge espagnole\u00a0\u00bb qui s\u2019est prolong\u00e9 dans une bonne ambiance.<\/p>\n<\/div>\n\n\n\n<div class=\"wp-block-group alignwide is-layout-flow wp-block-group-is-layout-flow\">\n<p class=\"has-x-large-font-size\" style=\"font-style:normal;font-weight:500\">Championnat de France en vue pour la Gerbe d\u2019or<\/p>\n\n\n\n<p class=\"has-small-font-size\"><a href=\"https:\/\/www.ladepeche.fr\/2024\/04\/05\/championnat-de-france-en-vue-pour-la-gerbe-dor-11871353.php\" target=\"_blank\" rel=\"noreferrer noopener\">Article complet sur ladepeche.fr<\/a>  Publi\u00e9 le&nbsp;05\/04\/2024 \u00e0 05:12<\/p>\n\n\n\n<p>Les prestations de la Gerbe d\u2019or ont repris d\u00e8s le retour des beaux jours. Ce fut d\u2019abord une belle animation lors du carnaval organis\u00e9 par les parents d\u2019\u00e9l\u00e8ves du groupe scolaire Claude Nougaro. Le d\u00e9fil\u00e9 en musique entra\u00een\u00e9 par la vingtaine de majorettes, dont pour nombre d\u2019entre elles c\u2019\u00e9tait la premi\u00e8re fois, a enthousiasm\u00e9 le public. Dimanche dernier, au gymnase de Saint-Geni\u00e8s, et sous l\u2019\u00e9gide de l\u2019AMF (Association des majorettes fran\u00e7aises), la Gerbe d\u2019or a organis\u00e9 un stage de formation \u00ab\u00a0pompon\u00a0\u00bb, qui a r\u00e9uni 25 jeunes filles ; des Majorettes du Rance de St Afrique, des Magnolias du pays carmausin et de la Gerbe d\u2019or, encadr\u00e9es par Coline Soler, formatrice de l\u2019association de St Afrique. Ce fut une belle journ\u00e9e, remplie de rires et de danses, mais avec un travail s\u00e9rieux. En effet, les 18, 19 et 20 mai aura lieu \u00e0 Albi le Championnat de France de majorettes. Plusieurs jeunes filles de la Gerbe d\u2019or s\u2019y sont inscrites, soit en solo, soit en duo et sans rel\u00e2che, elles s\u2019entra\u00eenent pour y exceller. Puis ce sera l\u2019assembl\u00e9e g\u00e9n\u00e9rale annuelle, le samedi 6 avril \u00e0 17 heures \u00e0 la maison des associations de St Loup en pr\u00e9sence de Claude Marin, maire de la commune. Ce sera l\u2019occasion de la projection du spectacle \u00ab\u00a0les liens du son, voyage musical\u00a0\u00bb pour revivre en spectateur cette formidable aventure humaine. Ensuite, viendra la c\u00e9r\u00e9monie comm\u00e9morative du 8 mai autour du monument aux morts de St Loup ; l\u2019animation de la f\u00eate \u00e0 Bourg St Bernard le 20 mai ; la retraite aux flambeaux \u00e0 Croix Daurade le 14 juin et, pour la premi\u00e8re fois, une prestation \u00e0 Port Leucate le 13 juillet. Et surtout le samedi 8 juin, ce sera le grand festival qui marquera les 90 ans de la Gerbe d\u2019or.<\/p>\n<\/div>\n\n\n\n<div class=\"wp-block-group alignwide is-layout-flow wp-block-group-is-layout-flow\">\n<p class=\"has-x-large-font-size\" style=\"font-style:normal;font-weight:500\"><strong>Carnaval en musique, en couleurs et en confettis<\/strong><\/p>\n\n\n\n<p class=\"has-small-font-size\"><a href=\"https:\/\/www.lepetitjournal.net\/31-haute-garonne\/e31t-pays-tolosan\/2024\/05\/21\/les-majorettes-de-la-gerbe-dor-au-championnat-national\/\" target=\"_blank\" rel=\"noreferrer noopener\"><a href=\"https:\/\/www.ladepeche.fr\/2024\/03\/15\/carnaval-en-musique-en-couleurs-et-en-confettis-11827205.php\" target=\"_blank\" rel=\"noreferrer noopener\">Article complet sur ladepeche.fr<\/a><\/a> Publi\u00e9 le\u00a015\/03\/2024 \u00e0 05:11<\/p>\n\n\n\n<p>Enfants et parents sont venus nombreux ce samedi 9 mars pour le Carnaval de Saint-Loup Cammas, organis\u00e9 par l\u2019Association des parents d\u2019\u00e9l\u00e8ves. Malgr\u00e9 une m\u00e9t\u00e9o incertaine, les Supers-H\u00e9ros des Jeux Olympiques, th\u00e8me de cette ann\u00e9e, \u00e9taient au rendez-vous par\u00e9s de leurs plus beaux d\u00e9guisements et bien s\u00fbr, munis de leurs r\u00e9serves de confettis. Au milieu des Spiderman et autres Wonderwoman, le cort\u00e8ge a eu la grande joie d\u2019accueillir dans ses rangs cette ann\u00e9e, les musiciens et les majorettes de la Gerbe d\u2019Or, qui ont anim\u00e9 tout du long la partie musicale et repr\u00e9sentation. La police municipale, ainsi que les parents b\u00e9n\u00e9voles, ont \u00e9t\u00e9 d\u2019une aide pr\u00e9cieuse, permettant d\u2019assurer la s\u00e9curit\u00e9 et le bon d\u00e9roulement du d\u00e9fil\u00e9. Monsieur \/ Madame Carnaval \u00ab\u00a0Jeux Oympiques\u00a0\u00bb, superbement r\u00e9alis\u00e9 par les enfants du centre de loisirs, a \u00e9t\u00e9 embras\u00e9 comme le veut la tradition, puis tous se sont retrouv\u00e9s pour un go\u00fbter convivial sous le pr\u00e9au de l\u2019\u00e9cole, o\u00f9 musiciens et majorettes ont une nouvelle fois assur\u00e9 le spectacle. Ce Carnaval s\u2019est termin\u00e9 en fin d\u2019apr\u00e8s-midi, dans la bonne humeur et les costumes d\u00e9bordant de confettis<\/p>\n<\/div>\n\n\n\n<div class=\"wp-block-group alignwide is-layout-flow wp-block-group-is-layout-flow\">\n<p class=\"has-x-large-font-size\" style=\"font-style:normal;font-weight:500\">Franc succ\u00e8s du loto de la Gerbe d\u2019or<\/p>\n\n\n\n<p class=\"has-small-font-size\"><a href=\"https:\/\/www.ladepeche.fr\/2024\/02\/09\/franc-succes-du-loto-de-la-gerbe-dor-11753912.php\" target=\"_blank\" rel=\"noreferrer noopener\">Article complet sur ladepeche.fr<\/a>  Publi\u00e9 le&nbsp;09\/02\/2024 \u00e0 05:12<\/p>\n\n\n\n<p>Une salle bond\u00e9e d\u00e8s 21 heures, l\u2019entr\u00e9e a m\u00eame refus\u00e9 du monde, plong\u00e9e toute la longue soir\u00e9e dans une ambiance \u00e9lectrique g\u00e9n\u00e9r\u00e9e par le suspens qui se faisait sentir d\u00e8s qu\u2019une quine ou un carton plein \u00e9tait sur le point d\u2019\u00eatre annonc\u00e9.<\/p>\n\n\n\n<p>En effet, comme chaque ann\u00e9e, ce loto a eu un grand succ\u00e8s vu le nombre et la qualit\u00e9 des lots propos\u00e9s et l\u2019ambiance amicale et familiale qui le caract\u00e9rise. Les magnifiques et g\u00e9n\u00e9reux lots offerts par la Gerbe d\u2019or et ses g\u00e9n\u00e9reux donateurs \u00e9taient \u00e0 chaque partie tr\u00e8s attendus et ont rajout\u00e9 \u00e0 la tension qui r\u00e9gnait dans la salle.<\/p>\n\n\n\n<p>Des \u00e9clats de rire la faisaient retomber, ce qui a permis \u00e0 chacun et chacune, m\u00eame si tout le monde n\u2019a pas \u00e9t\u00e9 vainqueur, de passer une tr\u00e8s bonne soir\u00e9e d\u2019hiver.<\/p>\n\n\n\n<p>Le b\u00e9n\u00e9fice de cette soir\u00e9e viendra en aide au fonctionnement de la Gerbe d\u2019or, pour l\u2019achat des mat\u00e9riels divers et instruments qui seront n\u00e9cessaires pour la r\u00e9alisation du grand \u00e9v\u00e8nement, un projet musical, du 8 juin 2024 qui marquera le 90e anniversaire de l\u2019association sur la commune de Saint-Loup-Cammas ! Nous en saurons plus, bient\u00f4t, apr\u00e8s l\u2019assembl\u00e9e g\u00e9n\u00e9rale qui doit se tenir, tr\u00e8s prochainement.<\/p>\n<\/div>\n\n\n\n<div class=\"wp-block-group alignwide is-layout-flow wp-block-group-is-layout-flow\">\n<p class=\"has-x-large-font-size\" style=\"font-style:normal;font-weight:500\">LE GRAND LOTO DE LA GERBE D\u2019OR<\/p>\n\n\n\n<p class=\"has-small-font-size\"><a href=\"https:\/\/www.lepetitjournal.net\/31-haute-garonne\/e31t-pays-tolosan\/2024\/01\/30\/le-grand-loto-de-la-gerbe-dor\/\" target=\"_blank\" rel=\"noreferrer noopener\">Article complet sur lepetitjournal.net<\/a>  PUBLI\u00c9 LE 30 JANVIER 2024<\/p>\n\n\n\n<p><strong>Le samedi 3 f\u00e9vrier \u00e0 la salle des f\u00eates de Saint-Loup et \u00e0 21h aura lieu le grand loto organis\u00e9 par la Gerbe d\u2019or. Il rassemble tous les ans un large public tant pour le nombre et la qualit\u00e9 de ses lots que pour l\u2019ambiance familiale et sympathique que l\u2019on y trouve.<\/strong><\/p>\n\n\n\n<p>Quelques exemples : Trottinette \u00e9lectrique adulte, Nintendo Switch Lite, Robot p\u00e2tissier, Masterchef, Sodastream, et pour les \u00ab gourmands \u00bb une cuisse de b\u0153uf, \u00bd cochon, \u00bc d\u2019agneau, des longes de porc, des jambons, canards gras, volailles, panier gourmand et un bon d\u2019achat de 200 euros ! Bien s\u00fbr, le tout de qualit\u00e9 sup\u00e9rieure et de provenance locale !! Et aussi de multiples autres lots attrayants. Le b\u00e9n\u00e9fice de cette soir\u00e9e vient en aide au fonctionnement de cette belle association, pour l\u2019achat de partitions, tenues, baguettes et pompons, mat\u00e9riels divers et instruments, tout ce mat\u00e9riel qui sera n\u00e9cessaire pour la r\u00e9alisation du grand \u00e9v\u00e8nement le 8 juin 2024 qui marquera le 90\u00e8me anniversaire de la Gerbe d\u2019or !! En attendant, rendez-vous samedi 3 f\u00e9vrier \u00e0 partir de 20h15 pour l\u2019ouverture des portes ; si vous avez la chance de gagner, c\u2019est mieux bien s\u00fbr, mais dans tous les cas, vous aurez pass\u00e9 une excellente soir\u00e9e conviviale !<\/p>\n<\/div>\n","protected":false},"excerpt":{"rendered":"<p>Ce week-end de Pentec\u00f4te a \u00e9t\u00e9 bien charg\u00e9 en \u00e9motions pour la Gerbe d\u2019or. Article complet sur lepetitjournal.net Publi\u00e9 le&nbsp;21 MAI 2024 D\u00e8s la journ\u00e9e de samedi, un grand nombre [&hellip;]<\/p>\n","protected":false},"author":1,"featured_media":0,"parent":0,"menu_order":0,"comment_status":"closed","ping_status":"closed","template":"","meta":{"ngg_post_thumbnail":0,"_EventAllDay":false,"_EventTimezone":"","_EventStartDate":"","_EventEndDate":"","_EventStartDateUTC":"","_EventEndDateUTC":"","_EventShowMap":false,"_EventShowMapLink":false,"_EventURL":"","_EventCost":"","_EventCostDescription":"","_EventCurrencySymbol":"","_EventCurrencyCode":"","_EventCurrencyPosition":"","_EventDateTimeSeparator":"","_EventTimeRangeSeparator":"","_EventOrganizerID":[],"_EventVenueID":[],"_OrganizerEmail":"","_OrganizerPhone":"","_OrganizerWebsite":"","_VenueAddress":"","_VenueCity":"","_VenueCountry":"","_VenueProvince":"","_VenueState":"","_VenueZip":"","_VenuePhone":"","_VenueURL":"","_VenueStateProvince":"","_VenueLat":"","_VenueLng":"","_VenueShowMap":false,"_VenueShowMapLink":false,"footnotes":""},"class_list":["post-765","page","type-page","status-publish","hentry"],"_links":{"self":[{"href":"https:\/\/www.lagerbedor.eu\/WP\/wp-json\/wp\/v2\/pages\/765","targetHints":{"allow":["GET"]}}],"collection":[{"href":"https:\/\/www.lagerbedor.eu\/WP\/wp-json\/wp\/v2\/pages"}],"about":[{"href":"https:\/\/www.lagerbedor.eu\/WP\/wp-json\/wp\/v2\/types\/page"}],"author":[{"embeddable":true,"href":"https:\/\/www.lagerbedor.eu\/WP\/wp-json\/wp\/v2\/users\/1"}],"replies":[{"embeddable":true,"href":"https:\/\/www.lagerbedor.eu\/WP\/wp-json\/wp\/v2\/comments?post=765"}],"version-history":[{"count":2,"href":"https:\/\/www.lagerbedor.eu\/WP\/wp-json\/wp\/v2\/pages\/765\/revisions"}],"predecessor-version":[{"id":852,"href":"https:\/\/www.lagerbedor.eu\/WP\/wp-json\/wp\/v2\/pages\/765\/revisions\/852"}],"wp:attachment":[{"href":"https:\/\/www.lagerbedor.eu\/WP\/wp-json\/wp\/v2\/media?parent=765"}],"curies":[{"name":"wp","href":"https:\/\/api.w.org\/{rel}","templated":true}]}}